{"version":"1.0","provider_name":"Napok-Gondolatok","provider_url":"https:\/\/dzsu.cafeblog.hu","author_name":"Ildik\u00f3","author_url":"https:\/\/dzsu.cafeblog.hu\/author\/ihalaszcitromail-hu\/","title":"Ha m\u00e1r","html":"<p>\u00e9desany\u00e1mat eml\u00edtettem. N\u00e9h\u00e1ny aranyk\u00f6p\u00e9s. (nem akarom b\u00e1ntani, nagyon szeretem, de az elm\u00falt id\u0151ben kicsit jobban el tudtam engedni, jobban l\u00e1tom k\u00edv\u00fclr\u0151l)<\/p>\r\n<ul>\r\n<li>Minden vas\u00e1rnap k\u00f6telez\u0151 program a csal\u00e1di eb\u00e9d. Mi megy\u00fcnk \u00e1t, hogy egy\u00fctt legyen mindenki. (Tes\u00f3m ott lakik 2 gyermek\u00e9vel). Any\u00e1m f\u0151z, olykor beengedi f\u00e9ltett j\u00e1tsz\u00f3szob\u00e1j\u00e1ba Tes\u00f3mat is. De csak m\u00e9rt\u00e9kkel. Azt tudni kell, hogy hagyom\u00e1nyos magyar \u00e9telek k\u00e9sz\u00fclnek anyuk\u00e1m kezei k\u00f6zt. Legt\u00f6bbsz\u00f6r ugye az elmaradhatatlan r\u00e1ntott h\u00fas. Mikor \u00e9n egy j\u00f3 \u00e9ve azt mondtam, hogy akkor \u00e9n nem nagyon enn\u00e9k h\u00fast, lett is p\u00e1nik. Hogy akkor m\u00e9gis mit f\u0151zz\u00f6n nekem? Nem mondom azt, hogy k\u00f6nny\u0171 a helyzete, hisz Tes\u00f3m nem eszik feh\u00e9r lisztet, a fia meg cukros, sz\u00f3val ezeket eleve figyelembe kell vennie. Adtam tippeket, r\u00e1ad\u00e1sul meglehet\u0151sen sokf\u00e9le z\u00f6lds\u00e9get ismer is, csak valahogy lekorl\u00e1toz\u00f3dott az elm\u00falt \u00e9vekben a h\u00fast h\u00fassal projektre. Most is r\u00e1ntott verzi\u00f3 k\u00e9sz\u00fclt, amit a gyermekem nem eszik meg az ut\u00f3bbi id\u0151kben. (vagyis javar\u00e9szt h\u00fas gyan\u00e1nt csak a kolb\u00e1szt eszi, nagy ritk\u00e1n siker\u00fcl m\u00e1st is megetetni vele). \u00c9pp eb\u00e9delt\u00fcnk, gyermekem tologatta a falatokat a t\u00e1ny\u00e9ron, ette a k\u00f6retet, mikor is any\u00e1m megsz\u00f3lalt, hogy nem szabad tiltani ebben a korban a h\u00fasev\u00e9st. Arcomon enyhe \u00e9rthetetlens\u00e9g jelei \u00fctk\u00f6ztek ki. Amire csak annyit reag\u00e1lt, hogy \"j\u00f3, csak \u00fagy mondom!\". <\/li>\r\n<\/ul>\r\n<ul>\r\n<li>S\u00fclt Tes\u00f3m teljes ki\u0151rl\u00e9s\u0171 pan\u00edrba csomagolt eb\u00e9dje, mire any\u00e1m: \"Ez milyen sz@rul n\u00e9z ki!\"<\/li>\r\n<\/ul>\r\n<ul>\r\n<li>\u00c9s a harmadik, amikor is k\u00e9sz\u00edtettem a k\u00e1v\u00e9mat, amihez nyers zabtejet gy\u00e1rtottam el\u0151z\u0151leg otthon. Anya r\u00e1n\u00e9zett: \"Az \u00edze is ilyen? Mert a sz\u00edne el\u00e9g sz@r!\"<\/li>\r\n<\/ul>\r\n<p>Nos a k\u00f6vetkez\u0151n\u00e9l nem biztos, hogy visszafogom a v\u00e9lem\u00e9nyemet. Mert ha j\u00f3l eml\u00e9kszem nem is olyan nagyon r\u00e9gen m\u00e9g az unok\u00e1ira sz\u00f3lt r\u00e1 s\u00e9rt\u0151d\u00f6tten, ha ezzel a jelz\u0151vel illett\u00e9k az \u00e9telt. Olyan neh\u00e9z toler\u00e1nsnak lenni? Mit v\u00e1rjon az ember idegenekt\u0151l, ha a csal\u00e1d ilyen? \u00c9s most ezzel a p\u00e9ld\u00e1val j\u00e1r el\u00f6l az \u00e9n fiamn\u00e1l, majd meg ha a gyerek mond neki hasonl\u00f3t, akkor ki lesz akadva.<\/p>","type":"rich"}